{"id":2082,"date":"2023-11-27T14:49:22","date_gmt":"2023-11-27T13:49:22","guid":{"rendered":"https:\/\/www.valleeverte.com\/bezoeken-puy-de-dome\/"},"modified":"2023-11-27T16:57:06","modified_gmt":"2023-11-27T15:57:06","slug":"bezoeken-puy-de-dome","status":"publish","type":"page","link":"https:\/\/www.valleeverte.com\/nl\/bezoeken-puy-de-dome\/","title":{"rendered":"Bezienswaardigheden in de buurt van de camping"},"content":{"rendered":"<section id=\"ls-section-block_1178756f87aecef832df523e84edf226\" class=\"ls-section  home-intro page-one\" >\r\n        <div class=\"container container--full\">\r\n        \n\n<h1 class=\"ls__heading wp-block-heading has-text-align-center\"><strong>De mooiste plekjes<\/strong> om te bezoeken in Puy-de-D\u00f4me<\/h1>\n\n\n\n<p class=\"ls-paragraph has-text-align-center\">Kom en ontdek de fauna, flora, watervallen, landschappen, de kaas die de naam van het dorp draagt, de boerderijen waar hij gemaakt wordt, de architectuur van de kerk en de vele activiteiten die in <strong>Saint Nectaire, het campingdorp<\/strong>, mogelijk zijn.<\/p>\n\n\n\n<p class=\"ls-paragraph has-text-align-center\">Onze <a href=\"https:\/\/www.valleeverte.com\/nl\/\">camping La Vall\u00e9e Verte<\/a> ligt in het <strong>hart van de regio Sancy<\/strong>, waar je<strong> alle activiteiten<\/strong>, bezoeken, vrijetijdsactiviteiten, kastelen, vulkanen en andere <strong>bezienswaardigheden<\/strong> op minder dan <strong>1 uur rijden met de auto<\/strong> vindt.<\/p>\n\n\n\n<p class=\"ls-paragraph has-text-align-center\">Er zijn <strong>volop wandel<\/strong> en <strong>fietstochten voor gezinnen en vrienden<\/strong>.<\/p>\n\n\r\n    <\/div>\r\n<\/section><section id=\"ls-section-block_81246d32c6ebf48a61ed49ad555cb386\" class=\"ls-section  home-intro page-three has-p-b p-b-8\" >\r\n        <div class=\"container container--full\">\r\n        \n\n<div class=\"wp-block-columns are-vertically-aligned-center is-layout-flex wp-container-core-columns-is-layout-9d6595d7 wp-block-columns-is-layout-flex\" id=\"volcan\">\n<div class=\"wp-block-column is-vertically-aligned-center second is-layout-flow wp-block-column-is-layout-flow\">\n<h2 class=\"ls__heading wp-block-heading\">De <strong>breuk Cha\u00eene des Puys Limagne<\/strong><\/h2>\n\n\n\n<p class=\"ls-paragraph\">Ontdek de Cha\u00eene des Puys Limagne Fault, het <strong>eerste natuurgebied in Frankrijk<\/strong> dat op <strong>de Werelderfgoedlijst van UNESCO<\/strong> staat. De Cha\u00eene des Puys &#8211; Limagne Fault is een <strong>tektonisch mekka<\/strong> dat <strong>duidelijk getuige is van een belangrijk geologisch fenomeen<\/strong>.<\/p>\n\n\n\n<h2 class=\"ls__heading wp-block-heading\">De <strong>vulkaan Lemptegy<\/strong>, een geologisch avontuur<\/h2>\n\n\n\n<p class=\"ls-paragraph\">Op een paar kilometer van de camping biedt de <a href=\"https:\/\/www.auvergne-volcan.com\/\" target=\"_blank\" rel=\"noreferrer noopener\">Vulkaan van Lemptegy<\/a> een unieke ervaring voor liefhebbers van natuur en geologie. Deze openluchtvulkaan, genesteld in de Cha\u00eene des Puys, laat de vulkanische geschiedenis van de regio zien. Bezoekers kunnen deze slapende reus verkennen en vulkanische bommen, lavastromen en vulkanische schoorstenen ontdekken. De route, <strong>die te voet of met een treintje<\/strong> te bereiken is, biedt een boeiende educatieve ervaring die ideaal is voor het hele gezin. Dit is een <strong>unieke kans om op een vulkaan te lopen<\/strong> en je te verbazen over de natuurlijke krachten die het landschap van de Puy-de-D\u00f4me hebben gevormd.<\/p>\n<\/div>\n\n\n\n<div class=\"wp-block-column is-vertically-aligned-center first is-layout-flow wp-block-column-is-layout-flow\">\n<figure class=\"wp-block-image size-full\"><a href=\"https:\/\/www.valleeverte.com\/wp-content\/uploads\/2023\/09\/Puy-de-dome-et-parc-des-volcans-dAuvergne.webp\"><img decoding=\"async\" width=\"2000\" height=\"1328\" src=\"https:\/\/www.valleeverte.com\/wp-content\/uploads\/2023\/09\/Puy-de-dome-et-parc-des-volcans-dAuvergne.webp\" alt=\"Puy de D&#xF4;me en vulkaanpark van de Auvergne\" class=\"wp-image-1014\" srcset=\"https:\/\/www.valleeverte.com\/wp-content\/uploads\/2023\/09\/Puy-de-dome-et-parc-des-volcans-dAuvergne.webp 2000w, https:\/\/www.valleeverte.com\/wp-content\/uploads\/2023\/09\/Puy-de-dome-et-parc-des-volcans-dAuvergne-300x199.webp 300w, https:\/\/www.valleeverte.com\/wp-content\/uploads\/2023\/09\/Puy-de-dome-et-parc-des-volcans-dAuvergne-1024x680.webp 1024w, https:\/\/www.valleeverte.com\/wp-content\/uploads\/2023\/09\/Puy-de-dome-et-parc-des-volcans-dAuvergne-768x510.webp 768w, https:\/\/www.valleeverte.com\/wp-content\/uploads\/2023\/09\/Puy-de-dome-et-parc-des-volcans-dAuvergne-1536x1020.webp 1536w\" sizes=\"(max-width: 2000px) 100vw, 2000px\" \/><\/a><\/figure>\n<\/div>\n<\/div>\n\n\r\n    <\/div>\r\n<\/section><section id=\"ls-section-block_81246d32c6ebf48a61ed49ad555cb386\" class=\"ls-section  home-intro page-three has-p-b p-b-8\" >\r\n        <div class=\"container container--full\">\r\n        \n\n<div class=\"wp-block-columns are-vertically-aligned-center is-layout-flex wp-container-core-columns-is-layout-9d6595d7 wp-block-columns-is-layout-flex\">\n<div class=\"wp-block-column is-vertically-aligned-center is-layout-flow wp-block-column-is-layout-flow\">\n<figure class=\"wp-block-image size-full\"><a href=\"https:\/\/www.valleeverte.com\/wp-content\/uploads\/2023\/09\/Visite-des-caves-de-Saint-Nectaire-scaled.webp\"><img decoding=\"async\" width=\"2560\" height=\"1707\" src=\"https:\/\/www.valleeverte.com\/wp-content\/uploads\/2023\/09\/Visite-des-caves-de-Saint-Nectaire-scaled.webp\" alt=\"Bezoek aan de kelders van Saint Nectaire\" class=\"wp-image-999\" style=\"aspect-ratio:3\/2;object-fit:cover\" srcset=\"https:\/\/www.valleeverte.com\/wp-content\/uploads\/2023\/09\/Visite-des-caves-de-Saint-Nectaire-scaled.webp 2560w, https:\/\/www.valleeverte.com\/wp-content\/uploads\/2023\/09\/Visite-des-caves-de-Saint-Nectaire-300x200.webp 300w, https:\/\/www.valleeverte.com\/wp-content\/uploads\/2023\/09\/Visite-des-caves-de-Saint-Nectaire-1024x683.webp 1024w, https:\/\/www.valleeverte.com\/wp-content\/uploads\/2023\/09\/Visite-des-caves-de-Saint-Nectaire-768x512.webp 768w, https:\/\/www.valleeverte.com\/wp-content\/uploads\/2023\/09\/Visite-des-caves-de-Saint-Nectaire-1536x1024.webp 1536w, https:\/\/www.valleeverte.com\/wp-content\/uploads\/2023\/09\/Visite-des-caves-de-Saint-Nectaire-2048x1365.webp 2048w\" sizes=\"(max-width: 2560px) 100vw, 2560px\" \/><\/a><\/figure>\n<\/div>\n\n\n\n<div class=\"wp-block-column is-vertically-aligned-center is-layout-flow wp-block-column-is-layout-flow\">\n<h2 class=\"ls__heading wp-block-heading\">Bezoek de <strong>kelders van Saint-Nectaire<\/strong><\/h2>\n\n\n\n<p class=\"ls-paragraph\">In het hart van <a href=\"https:\/\/www.sancy.com\/decouvrir\/toutes-les-communes\/saint-nectaire\/\" target=\"_blank\" rel=\"noreferrer noopener\">Saint-Nectaire<\/a> wacht je een unieke <strong>ondergrondse ervaring<\/strong>. De <strong>kelders, die diep in de rotsenzijn uitgehouwen<\/strong>, zijn de geboorteplaats van de<strong> beroemde kaas<\/strong> die de naam van de stad draagt. Waag je in deze grotten en ontdek het eeuwenoude proces van het rijpen van kaas, een <strong>vaardigheid<\/strong> die van generatie op generatie wordt doorgegeven.<\/p>\n\n\n\n<p class=\"ls-paragraph\">De <strong>koele, vochtige atmosfeer van de kelders<\/strong> biedt de perfecte omstandigheden voor de kaas om zijn <strong>kenmerkende smaak<\/strong> te ontwikkelen. Het is een onderdompeling in het gastronomische erfgoed van de regio.<\/p>\n<\/div>\n<\/div>\n\n\r\n    <\/div>\r\n<\/section><section id=\"ls-section-block_6e6a42470c85e16e0092dbbf7205ba1c\" class=\"ls-section  home-piscine page-two has-background-image\" >\r\n    <div class=\"ls-section__background-image opacity-100\"><img decoding=\"async\" src=\"https:\/\/www.valleeverte.com\/wp-content\/uploads\/2023\/09\/Parc-animalier-a-Saint-Nectaire-scaled.webp\" alt=\"Dierenpark in Saint Nectaire\"><\/div>    <div class=\"container container--full\">\r\n        \n\n<div class=\"wp-block-columns is-layout-flex wp-container-core-columns-is-layout-9d6595d7 wp-block-columns-is-layout-flex\">\n<div class=\"wp-block-column left is-layout-flow wp-block-column-is-layout-flow\"><\/div>\n\n\n\n<div class=\"wp-block-column right is-layout-flow wp-block-column-is-layout-flow\">\n<div class=\"wp-block-columns animated fadeInRight has-color-black-color has-text-color is-layout-flex wp-container-core-columns-is-layout-9d6595d7 wp-block-columns-is-layout-flex\">\n<div class=\"wp-block-column is-layout-flow wp-block-column-is-layout-flow\">\n<h2 class=\"ls__heading wp-block-heading has-color-black-color has-text-color\">Het <strong>dierenpark<\/strong>: voor het plezier van uw kinderen<\/h2>\n\n\n\n<p class=\"ls-paragraph\">Stel je de verbazing in de ogen van je kinderen voor als ze oog in oog komen te staan met de dieren. Het <a href=\"https:\/\/www.parcanimalierdauvergne.fr\" target=\"_blank\" rel=\"noreferrer noopener\">wildpark van Puy-de-D\u00f4me<\/a> is een oase van <strong>biodiversiteit<\/strong>, met <strong>soorten van over de hele wereld<\/strong>.<\/p>\n\n\n\n<p class=\"ls-paragraph\">Van schaduwrijke gebieden tot grote verblijven, elke ruimte is ontworpen om de dieren een <strong>habitat te bieden die dicht bij hun natuurlijke omgeving<\/strong> ligt. Het is een dag vol avontuur, leren en plezier voor het hele gezin.<\/p>\n<\/div>\n<\/div>\n<\/div>\n<\/div>\n\n\r\n    <\/div>\r\n<\/section><section id=\"ls-section-block_81246d32c6ebf48a61ed49ad555cb386\" class=\"ls-section  home-intro page-three has-p-b p-b-8\" >\r\n        <div class=\"container container--full\">\r\n        \n\n<div class=\"wp-block-columns are-vertically-aligned-center page-five is-layout-flex wp-container-core-columns-is-layout-9d6595d7 wp-block-columns-is-layout-flex\">\n<div class=\"wp-block-column is-vertically-aligned-center second is-layout-flow wp-block-column-is-layout-flow\">\n<h2 class=\"ls__heading wp-block-heading\">Verken de <strong>Grotten van Cornadore<\/strong><\/h2>\n\n\n\n<p class=\"ls-paragraph\">De <a href=\"https:\/\/www.grottes-du-cornadore.fr\" target=\"_blank\" rel=\"noreferrer noopener\">Grottes du Cornadore<\/a> liggen verscholen in het groene landschap van Saint-Nectaire en zijn een <strong>reis terug in de tijd<\/strong>. Deze <strong>ondergrondse formaties<\/strong>, gevormd door <strong>duizenden jaren erosie<\/strong>, herbergen een wereld aan <strong>minerale wonderen<\/strong>.<\/p>\n\n\n\n<p class=\"ls-paragraph\">Ga naar binnen en je wordt begroet door een<strong> spektakel van stalactieten en stalagmieten<\/strong>, die <strong>prachtige natuurlijke sculpturen<\/strong> vormen. Volgens plaatselijke legenden werden deze grotten ooit bewoond door<strong> mystieke wezens<\/strong>, wat een vleugje magie toevoegt aan het bezoek.<\/p>\n<\/div>\n\n\n\n<div class=\"wp-block-column is-vertically-aligned-center first is-layout-flow wp-block-column-is-layout-flow\">\n<div class=\"wp-block-columns is-layout-flex wp-container-core-columns-is-layout-9d6595d7 wp-block-columns-is-layout-flex\">\n<div class=\"wp-block-column is-layout-flow wp-block-column-is-layout-flow\" style=\"flex-basis:100%\">\n<figure class=\"wp-block-image size-full\"><a href=\"https:\/\/www.valleeverte.com\/wp-content\/uploads\/2023\/09\/Grottes-du-Cornadore.webp\"><img decoding=\"async\" width=\"2000\" height=\"1328\" src=\"https:\/\/www.valleeverte.com\/wp-content\/uploads\/2023\/09\/Grottes-du-Cornadore.webp\" alt=\"Grotten van Cornadore\" class=\"wp-image-1008\" srcset=\"https:\/\/www.valleeverte.com\/wp-content\/uploads\/2023\/09\/Grottes-du-Cornadore.webp 2000w, https:\/\/www.valleeverte.com\/wp-content\/uploads\/2023\/09\/Grottes-du-Cornadore-300x199.webp 300w, https:\/\/www.valleeverte.com\/wp-content\/uploads\/2023\/09\/Grottes-du-Cornadore-1024x680.webp 1024w, https:\/\/www.valleeverte.com\/wp-content\/uploads\/2023\/09\/Grottes-du-Cornadore-768x510.webp 768w, https:\/\/www.valleeverte.com\/wp-content\/uploads\/2023\/09\/Grottes-du-Cornadore-1536x1020.webp 1536w\" sizes=\"(max-width: 2000px) 100vw, 2000px\" \/><\/a><\/figure>\n<\/div>\n<\/div>\n<\/div>\n<\/div>\n\n\r\n    <\/div>\r\n<\/section><section id=\"villages\" class=\"ls-section  home-intro page-three\" >\r\n        <div class=\"container container--full\">\r\n        \n\n<div class=\"wp-block-columns are-vertically-aligned-center is-layout-flex wp-container-core-columns-is-layout-9d6595d7 wp-block-columns-is-layout-flex\">\n<div class=\"wp-block-column is-vertically-aligned-center first is-layout-flow wp-block-column-is-layout-flow\">\n<figure class=\"wp-block-gallery has-nested-images columns-default is-cropped galerie-container wp-block-gallery-1 is-layout-flex wp-block-gallery-is-layout-flex\">\n<figure class=\"wp-block-image size-full image-1 animated fadeIn slow\"><a href=\"https:\/\/www.valleeverte.com\/wp-content\/uploads\/2023\/09\/Visite-de-Bourboule.webp\"><img decoding=\"async\" width=\"2000\" height=\"1125\" data-id=\"990\" src=\"https:\/\/www.valleeverte.com\/wp-content\/uploads\/2023\/09\/Visite-de-Bourboule.webp\" alt=\"Bezoek Bourboule\" class=\"wp-image-990\" srcset=\"https:\/\/www.valleeverte.com\/wp-content\/uploads\/2023\/09\/Visite-de-Bourboule.webp 2000w, https:\/\/www.valleeverte.com\/wp-content\/uploads\/2023\/09\/Visite-de-Bourboule-300x169.webp 300w, https:\/\/www.valleeverte.com\/wp-content\/uploads\/2023\/09\/Visite-de-Bourboule-1024x576.webp 1024w, https:\/\/www.valleeverte.com\/wp-content\/uploads\/2023\/09\/Visite-de-Bourboule-768x432.webp 768w, https:\/\/www.valleeverte.com\/wp-content\/uploads\/2023\/09\/Visite-de-Bourboule-1536x864.webp 1536w\" sizes=\"(max-width: 2000px) 100vw, 2000px\" \/><\/a><\/figure>\n\n\n\n<figure class=\"wp-block-image size-full image-2 animated fadeIn delay-100ms slow\"><a href=\"https:\/\/www.valleeverte.com\/wp-content\/uploads\/2023\/11\/Visite-de-Issoire-scaled-1.webp\"><img decoding=\"async\" width=\"1200\" height=\"900\" data-id=\"2249\" src=\"https:\/\/www.valleeverte.com\/wp-content\/uploads\/2023\/11\/Visite-de-Issoire-scaled-1.webp\" alt=\"Bezoek aan Issoire\" class=\"wp-image-2249\" style=\"aspect-ratio:16\/9;object-fit:cover\" srcset=\"https:\/\/www.valleeverte.com\/wp-content\/uploads\/2023\/11\/Visite-de-Issoire-scaled-1.webp 1200w, https:\/\/www.valleeverte.com\/wp-content\/uploads\/2023\/11\/Visite-de-Issoire-scaled-1-300x225.webp 300w, https:\/\/www.valleeverte.com\/wp-content\/uploads\/2023\/11\/Visite-de-Issoire-scaled-1-1024x768.webp 1024w, https:\/\/www.valleeverte.com\/wp-content\/uploads\/2023\/11\/Visite-de-Issoire-scaled-1-768x576.webp 768w\" sizes=\"(max-width: 1200px) 100vw, 1200px\" \/><\/a><\/figure>\n\n\n\n<figure class=\"wp-block-image size-full image-3 animated fadeIn delay-500ms\"><a href=\"https:\/\/www.valleeverte.com\/wp-content\/uploads\/2023\/09\/Visite-de-Clermont-Ferrand.webp\"><img decoding=\"async\" width=\"1280\" height=\"853\" data-id=\"993\" src=\"https:\/\/www.valleeverte.com\/wp-content\/uploads\/2023\/09\/Visite-de-Clermont-Ferrand.webp\" alt=\"Bezoek aan Clermont-Ferrand\" class=\"wp-image-993\" style=\"aspect-ratio:16\/9;object-fit:cover\" srcset=\"https:\/\/www.valleeverte.com\/wp-content\/uploads\/2023\/09\/Visite-de-Clermont-Ferrand.webp 1280w, https:\/\/www.valleeverte.com\/wp-content\/uploads\/2023\/09\/Visite-de-Clermont-Ferrand-300x200.webp 300w, https:\/\/www.valleeverte.com\/wp-content\/uploads\/2023\/09\/Visite-de-Clermont-Ferrand-1024x682.webp 1024w, https:\/\/www.valleeverte.com\/wp-content\/uploads\/2023\/09\/Visite-de-Clermont-Ferrand-768x512.webp 768w\" sizes=\"(max-width: 1280px) 100vw, 1280px\" \/><\/a><\/figure>\n<\/figure>\n<\/div>\n\n\n\n<div class=\"wp-block-column is-vertically-aligned-center is-layout-flow wp-block-column-is-layout-flow\">\n<h2 class=\"ls__heading wp-block-heading\"><strong>Steden om te ontdekken<\/strong> in Puy-de-D\u00f4me<\/h2>\n\n\n\n<p class=\"ls-paragraph\">Het <a href=\"https:\/\/www.puy-de-dome.fr\/territoires\/tourisme\/tourisme-dans-le-puy-de-dome.html\" target=\"_blank\" rel=\"noreferrer noopener\">departement Puy-de-D\u00f4me<\/a> is een <strong>moza\u00efek van steden en dorpen<\/strong>, elk met hun eigen geschiedenis, cultuur en tradities.<\/p>\n\n\n\n<p class=\"ls-paragraph\">Van de <strong>bruisende metropool Clermont-Ferrand<\/strong>, met zijn rijke middeleeuwse geschiedenis en architectonisch erfgoed, tot de rust van de kleine dorpjes in de valleien, er is zoveel te ontdekken.  <\/p>\n\n\n\n<p class=\"ls-paragraph\">Elke stad is een schat om te ontdekken en biedt een unieke combinatie van historisch erfgoed, natuurlijke schoonheid en culinaire hoogstandjes.<\/p>\n<\/div>\n<\/div>\n\n\r\n    <\/div>\r\n<\/section><section id=\"ls-section-block_2e50f694de8bfc524a0ae7d9f1075a5a\" class=\"ls-section  page-maillage\" >\r\n        <div class=\"container container--wide\">\r\n        \n\n<div id=\"ls-heading ls-titre-div-block_ddb347c2afe9c126cc97fe7121daa702\" class=\"ls-titre-div animated fadeIn h2-like\" >\n    Ontdek de activiteiten in de buurt van de camping, het aquacentrum, de P&#8217;tit Bistrot en de diensten!<\/div>\n\n\n<div id=\"ls-maillage-block_c5c485c84d3985ae9afd5f709d88237d\" class=\"ls-maillage cta-style-normal\" data-rows=\"3\">\r\n    <div class=\"wp-block-columns\"><div class=\"wp-block-column\">\n\n<a href=\"https:\/\/www.valleeverte.com\/nl\/camping-verwarmd-zwembad-saint-nectaire\/\" target=\"\" rel=\"noopener\" class=\"ls-cta__link\">\n\n\t<div class=\"ls-cta__image\"><img decoding=\"async\" src=\"https:\/\/www.valleeverte.com\/wp-content\/uploads\/2023\/09\/Piscine-du-camping-la-Vallee-Verte-a-Saint-Nectaire-scaled.webp\" alt=\"Zwembad op camping Vall\u00e9e Verte in Saint Nectaire\"><\/div>\n\t<div class=\"ls-cta__title\">\n\t\tAquatisch gebied\t<\/div>\n\n\t\t\n<\/a><\/div><div class=\"wp-block-column\">\n\n<a href=\"https:\/\/www.valleeverte.com\/nl\/camping-familiaal-saint-nectaire\/\" target=\"\" rel=\"noopener\" class=\"ls-cta__link\">\n\n\t<div class=\"ls-cta__image\"><img decoding=\"async\" src=\"https:\/\/www.valleeverte.com\/wp-content\/uploads\/2023\/10\/camping-aire-de-jeux.webp\" alt=\"campingspeeltuin\"><\/div>\n\t<div class=\"ls-cta__title\">\n\t\tBistro en diensten\t<\/div>\n\n\t\t\n<\/a><\/div><div class=\"wp-block-column\">\n\n<a href=\"https:\/\/www.valleeverte.com\/nl\/activiteiten-puy-de-dome\/\" target=\"\" rel=\"noopener\" class=\"ls-cta__link\">\n\n\t<div class=\"ls-cta__image\"><img decoding=\"async\" src=\"https:\/\/www.valleeverte.com\/wp-content\/uploads\/2023\/09\/Activites-proche-du-camping-Vallee-verte.webp\" alt=\"Activiteiten in de buurt van camping Vall\u00e9e verte\"><\/div>\n\t<div class=\"ls-cta__title\">\n\t\tActiviteiten in de buurt van de camping\t<\/div>\n\n\t\t\n<\/a><\/div><\/div><\/div>\n\r\n    <\/div>\r\n<\/section>","protected":false},"excerpt":{"rendered":"","protected":false},"author":1,"featured_media":1006,"parent":0,"menu_order":0,"comment_status":"closed","ping_status":"closed","template":"","meta":{"_acf_changed":false,"footnotes":""},"sujet":[],"class_list":["post-2082","page","type-page","status-publish","has-post-thumbnail","hentry"],"acf":[],"yoast_head":"<!-- This site is optimized with the Yoast SEO plugin v22.7 - https:\/\/yoast.com\/wordpress\/plugins\/seo\/ -->\n<title>Dingen om te doen in Puy-de-D\u00f4me | Ontdekken in Puy-de-D\u00f4me<\/title>\n<meta name=\"description\" content=\"Dingen om te doen in Puy-de-D\u00f4me\" \/>\n<meta name=\"robots\" content=\"index, follow, max-snippet:-1, max-image-preview:large, max-video-preview:-1\" \/>\n<link rel=\"canonical\" href=\"https:\/\/www.valleeverte.com\/nl\/bezoeken-puy-de-dome\/\" \/>\n<meta property=\"og:locale\" content=\"nl_NL\" \/>\n<meta property=\"og:type\" content=\"article\" \/>\n<meta property=\"og:title\" content=\"Dingen om te doen in Puy-de-D\u00f4me | Ontdekken in Puy-de-D\u00f4me\" \/>\n<meta property=\"og:description\" content=\"Dingen om te doen in Puy-de-D\u00f4me\" \/>\n<meta property=\"og:url\" content=\"https:\/\/www.valleeverte.com\/nl\/bezoeken-puy-de-dome\/\" \/>\n<meta property=\"og:site_name\" content=\"Camping La Vallee Verte\" \/>\n<meta property=\"article:modified_time\" content=\"2023-11-27T15:57:06+00:00\" \/>\n<meta property=\"og:image\" content=\"https:\/\/www.valleeverte.com\/wp-content\/uploads\/2023\/09\/Chaine-des-Puys-en-Auvergne-Rhone-Alpes.webp\" \/>\n\t<meta property=\"og:image:width\" content=\"2560\" \/>\n\t<meta property=\"og:image:height\" content=\"1249\" \/>\n\t<meta property=\"og:image:type\" content=\"image\/webp\" \/>\n<meta name=\"twitter:card\" content=\"summary_large_image\" \/>\n<meta name=\"twitter:label1\" content=\"Geschatte leestijd\" \/>\n\t<meta name=\"twitter:data1\" content=\"3 minuten\" \/>\n<script type=\"application\/ld+json\" class=\"yoast-schema-graph\">{\"@context\":\"https:\/\/schema.org\",\"@graph\":[{\"@type\":\"WebPage\",\"@id\":\"https:\/\/www.valleeverte.com\/nl\/bezoeken-puy-de-dome\/\",\"url\":\"https:\/\/www.valleeverte.com\/nl\/bezoeken-puy-de-dome\/\",\"name\":\"Dingen om te doen in Puy-de-D\u00f4me | Ontdekken in Puy-de-D\u00f4me\",\"isPartOf\":{\"@id\":\"https:\/\/www.valleeverte.com\/#website\"},\"primaryImageOfPage\":{\"@id\":\"https:\/\/www.valleeverte.com\/nl\/bezoeken-puy-de-dome\/#primaryimage\"},\"image\":{\"@id\":\"https:\/\/www.valleeverte.com\/nl\/bezoeken-puy-de-dome\/#primaryimage\"},\"thumbnailUrl\":\"https:\/\/www.valleeverte.com\/wp-content\/uploads\/2023\/09\/Chaine-des-Puys-en-Auvergne-Rhone-Alpes.webp\",\"datePublished\":\"2023-11-27T13:49:22+00:00\",\"dateModified\":\"2023-11-27T15:57:06+00:00\",\"description\":\"Dingen om te doen in Puy-de-D\u00f4me\",\"breadcrumb\":{\"@id\":\"https:\/\/www.valleeverte.com\/nl\/bezoeken-puy-de-dome\/#breadcrumb\"},\"inLanguage\":\"nl-NL\",\"potentialAction\":[{\"@type\":\"ReadAction\",\"target\":[\"https:\/\/www.valleeverte.com\/nl\/bezoeken-puy-de-dome\/\"]}]},{\"@type\":\"ImageObject\",\"inLanguage\":\"nl-NL\",\"@id\":\"https:\/\/www.valleeverte.com\/nl\/bezoeken-puy-de-dome\/#primaryimage\",\"url\":\"https:\/\/www.valleeverte.com\/wp-content\/uploads\/2023\/09\/Chaine-des-Puys-en-Auvergne-Rhone-Alpes.webp\",\"contentUrl\":\"https:\/\/www.valleeverte.com\/wp-content\/uploads\/2023\/09\/Chaine-des-Puys-en-Auvergne-Rhone-Alpes.webp\",\"width\":2560,\"height\":1249,\"caption\":\"Chaine des Puys in Auvergne Rhone Alpen\"},{\"@type\":\"BreadcrumbList\",\"@id\":\"https:\/\/www.valleeverte.com\/nl\/bezoeken-puy-de-dome\/#breadcrumb\",\"itemListElement\":[{\"@type\":\"ListItem\",\"position\":1,\"name\":\"Camping \u00e0 Saint-Nectaire\",\"item\":\"https:\/\/www.valleeverte.com\/nl\/\"},{\"@type\":\"ListItem\",\"position\":2,\"name\":\"Bezienswaardigheden in de buurt van de camping\"}]},{\"@type\":\"WebSite\",\"@id\":\"https:\/\/www.valleeverte.com\/#website\",\"url\":\"https:\/\/www.valleeverte.com\/\",\"name\":\"Camping La Vallee Verte\",\"description\":\"\",\"publisher\":{\"@id\":\"https:\/\/www.valleeverte.com\/#organization\"},\"potentialAction\":[{\"@type\":\"SearchAction\",\"target\":{\"@type\":\"EntryPoint\",\"urlTemplate\":\"https:\/\/www.valleeverte.com\/?s={search_term_string}\"},\"query-input\":\"required name=search_term_string\"}],\"inLanguage\":\"nl-NL\"},{\"@type\":\"Organization\",\"@id\":\"https:\/\/www.valleeverte.com\/#organization\",\"name\":\"Camping La Vallee Verte\",\"url\":\"https:\/\/www.valleeverte.com\/\",\"logo\":{\"@type\":\"ImageObject\",\"inLanguage\":\"nl-NL\",\"@id\":\"https:\/\/www.valleeverte.com\/#\/schema\/logo\/image\/\",\"url\":\"https:\/\/www.valleeverte.com\/wp-content\/uploads\/2023\/08\/cropped-camping-la-vallee-verte.png\",\"contentUrl\":\"https:\/\/www.valleeverte.com\/wp-content\/uploads\/2023\/08\/cropped-camping-la-vallee-verte.png\",\"width\":1856,\"height\":852,\"caption\":\"Camping La Vallee Verte\"},\"image\":{\"@id\":\"https:\/\/www.valleeverte.com\/#\/schema\/logo\/image\/\"}}]}<\/script>\n<!-- \/ Yoast SEO plugin. -->","yoast_head_json":{"title":"Dingen om te doen in Puy-de-D\u00f4me | Ontdekken in Puy-de-D\u00f4me","description":"Dingen om te doen in Puy-de-D\u00f4me","robots":{"index":"index","follow":"follow","max-snippet":"max-snippet:-1","max-image-preview":"max-image-preview:large","max-video-preview":"max-video-preview:-1"},"canonical":"https:\/\/www.valleeverte.com\/nl\/bezoeken-puy-de-dome\/","og_locale":"nl_NL","og_type":"article","og_title":"Dingen om te doen in Puy-de-D\u00f4me | Ontdekken in Puy-de-D\u00f4me","og_description":"Dingen om te doen in Puy-de-D\u00f4me","og_url":"https:\/\/www.valleeverte.com\/nl\/bezoeken-puy-de-dome\/","og_site_name":"Camping La Vallee Verte","article_modified_time":"2023-11-27T15:57:06+00:00","og_image":[{"width":2560,"height":1249,"url":"https:\/\/www.valleeverte.com\/wp-content\/uploads\/2023\/09\/Chaine-des-Puys-en-Auvergne-Rhone-Alpes.webp","type":"image\/webp"}],"twitter_card":"summary_large_image","twitter_misc":{"Geschatte leestijd":"3 minuten"},"schema":{"@context":"https:\/\/schema.org","@graph":[{"@type":"WebPage","@id":"https:\/\/www.valleeverte.com\/nl\/bezoeken-puy-de-dome\/","url":"https:\/\/www.valleeverte.com\/nl\/bezoeken-puy-de-dome\/","name":"Dingen om te doen in Puy-de-D\u00f4me | Ontdekken in Puy-de-D\u00f4me","isPartOf":{"@id":"https:\/\/www.valleeverte.com\/#website"},"primaryImageOfPage":{"@id":"https:\/\/www.valleeverte.com\/nl\/bezoeken-puy-de-dome\/#primaryimage"},"image":{"@id":"https:\/\/www.valleeverte.com\/nl\/bezoeken-puy-de-dome\/#primaryimage"},"thumbnailUrl":"https:\/\/www.valleeverte.com\/wp-content\/uploads\/2023\/09\/Chaine-des-Puys-en-Auvergne-Rhone-Alpes.webp","datePublished":"2023-11-27T13:49:22+00:00","dateModified":"2023-11-27T15:57:06+00:00","description":"Dingen om te doen in Puy-de-D\u00f4me","breadcrumb":{"@id":"https:\/\/www.valleeverte.com\/nl\/bezoeken-puy-de-dome\/#breadcrumb"},"inLanguage":"nl-NL","potentialAction":[{"@type":"ReadAction","target":["https:\/\/www.valleeverte.com\/nl\/bezoeken-puy-de-dome\/"]}]},{"@type":"ImageObject","inLanguage":"nl-NL","@id":"https:\/\/www.valleeverte.com\/nl\/bezoeken-puy-de-dome\/#primaryimage","url":"https:\/\/www.valleeverte.com\/wp-content\/uploads\/2023\/09\/Chaine-des-Puys-en-Auvergne-Rhone-Alpes.webp","contentUrl":"https:\/\/www.valleeverte.com\/wp-content\/uploads\/2023\/09\/Chaine-des-Puys-en-Auvergne-Rhone-Alpes.webp","width":2560,"height":1249,"caption":"Chaine des Puys in Auvergne Rhone Alpen"},{"@type":"BreadcrumbList","@id":"https:\/\/www.valleeverte.com\/nl\/bezoeken-puy-de-dome\/#breadcrumb","itemListElement":[{"@type":"ListItem","position":1,"name":"Camping \u00e0 Saint-Nectaire","item":"https:\/\/www.valleeverte.com\/nl\/"},{"@type":"ListItem","position":2,"name":"Bezienswaardigheden in de buurt van de camping"}]},{"@type":"WebSite","@id":"https:\/\/www.valleeverte.com\/#website","url":"https:\/\/www.valleeverte.com\/","name":"Camping La Vallee Verte","description":"","publisher":{"@id":"https:\/\/www.valleeverte.com\/#organization"},"potentialAction":[{"@type":"SearchAction","target":{"@type":"EntryPoint","urlTemplate":"https:\/\/www.valleeverte.com\/?s={search_term_string}"},"query-input":"required name=search_term_string"}],"inLanguage":"nl-NL"},{"@type":"Organization","@id":"https:\/\/www.valleeverte.com\/#organization","name":"Camping La Vallee Verte","url":"https:\/\/www.valleeverte.com\/","logo":{"@type":"ImageObject","inLanguage":"nl-NL","@id":"https:\/\/www.valleeverte.com\/#\/schema\/logo\/image\/","url":"https:\/\/www.valleeverte.com\/wp-content\/uploads\/2023\/08\/cropped-camping-la-vallee-verte.png","contentUrl":"https:\/\/www.valleeverte.com\/wp-content\/uploads\/2023\/08\/cropped-camping-la-vallee-verte.png","width":1856,"height":852,"caption":"Camping La Vallee Verte"},"image":{"@id":"https:\/\/www.valleeverte.com\/#\/schema\/logo\/image\/"}}]}},"_links":{"self":[{"href":"https:\/\/www.valleeverte.com\/nl\/wp-json\/wp\/v2\/pages\/2082","targetHints":{"allow":["GET"]}}],"collection":[{"href":"https:\/\/www.valleeverte.com\/nl\/wp-json\/wp\/v2\/pages"}],"about":[{"href":"https:\/\/www.valleeverte.com\/nl\/wp-json\/wp\/v2\/types\/page"}],"author":[{"embeddable":true,"href":"https:\/\/www.valleeverte.com\/nl\/wp-json\/wp\/v2\/users\/1"}],"replies":[{"embeddable":true,"href":"https:\/\/www.valleeverte.com\/nl\/wp-json\/wp\/v2\/comments?post=2082"}],"version-history":[{"count":6,"href":"https:\/\/www.valleeverte.com\/nl\/wp-json\/wp\/v2\/pages\/2082\/revisions"}],"predecessor-version":[{"id":2256,"href":"https:\/\/www.valleeverte.com\/nl\/wp-json\/wp\/v2\/pages\/2082\/revisions\/2256"}],"wp:featuredmedia":[{"embeddable":true,"href":"https:\/\/www.valleeverte.com\/nl\/wp-json\/wp\/v2\/media\/1006"}],"wp:attachment":[{"href":"https:\/\/www.valleeverte.com\/nl\/wp-json\/wp\/v2\/media?parent=2082"}],"wp:term":[{"taxonomy":"sujet","embeddable":true,"href":"https:\/\/www.valleeverte.com\/nl\/wp-json\/wp\/v2\/sujet?post=2082"}],"curies":[{"name":"wp","href":"https:\/\/api.w.org\/{rel}","templated":true}]}}